{"id":23,"date":"2018-08-08T22:09:09","date_gmt":"2018-08-08T22:09:09","guid":{"rendered":"http:\/\/proyectocitrino.com\/?page_id=23"},"modified":"2025-01-02T14:24:25","modified_gmt":"2025-01-02T20:24:25","slug":"nuestras-actividades","status":"publish","type":"page","link":"https:\/\/proyectocitrino.com\/index.php\/nuestras-actividades\/","title":{"rendered":"Nuestras actividades"},"content":{"rendered":"<div class=\"wp-block-image\">\n<figure class=\"aligncenter size-full\"><a href=\"https:\/\/proyectocitrino.com\/index.php\/tienda\/\"><img data-recalc-dims=\"1\" loading=\"lazy\" decoding=\"async\" width=\"227\" height=\"195\" src=\"https:\/\/i0.wp.com\/proyectocitrino.com\/wp-content\/uploads\/2020\/07\/catori-tienda-animada-azul.gif?resize=227%2C195&#038;ssl=1\" alt=\"\" class=\"wp-image-6976\"\/><\/a><\/figure><\/div>\n\n<p align=\"justify\"><div class=\"eds-animate edsanimate-sis-hidden \" data-eds-entry-animation=\"rotateIn\" data-eds-entry-delay=\"0\" data-eds-entry-duration=\"1\" data-eds-entry-timing=\"linear\" data-eds-exit-animation=\"\" data-eds-exit-delay=\"\" data-eds-exit-duration=\"\" data-eds-exit-timing=\"\" data-eds-repeat-count=\"1\" data-eds-keep=\"yes\" data-eds-animate-on=\"load\" data-eds-scroll-offset=\"\"><\/p>\n<p style=\"font-size: large;\" align=\"justify;\">Para motivar a las nuevas generaciones a leer y para brindar herramientas \u00fatiles a los docentes que deseen fomentar la lectura en sus estudiantes, el Proyecto Citrino pone a la disposici\u00f3n de las instituciones educativas la siguiente variedad de charlas, talleres y actividades:<\/p>\n<hr \/>\n<h4 align=\"justify\"><b>A. Charlas disponibles: (m\u00e1ximo 30 asistentes)<\/b><\/h4>\n<h4 align=\"justify\"><\/h4>\n<p><img data-recalc-dims=\"1\" loading=\"lazy\" decoding=\"async\" class=\" wp-image-6849\" src=\"https:\/\/i0.wp.com\/proyectocitrino.com\/wp-content\/uploads\/2020\/06\/tallercitrino.jpg?resize=199%2C179&#038;ssl=1\" alt=\"\" width=\"199\" height=\"179\" srcset=\"https:\/\/i0.wp.com\/proyectocitrino.com\/wp-content\/uploads\/2020\/06\/tallercitrino.jpg?resize=300%2C270&amp;ssl=1 300w, https:\/\/i0.wp.com\/proyectocitrino.com\/wp-content\/uploads\/2020\/06\/tallercitrino.jpg?resize=250%2C225&amp;ssl=1 250w, https:\/\/i0.wp.com\/proyectocitrino.com\/wp-content\/uploads\/2020\/06\/tallercitrino.jpg?resize=600%2C541&amp;ssl=1 600w, https:\/\/i0.wp.com\/proyectocitrino.com\/wp-content\/uploads\/2020\/06\/tallercitrino.jpg?w=667&amp;ssl=1 667w\" sizes=\"auto, (max-width: 199px) 100vw, 199px\" \/><img data-recalc-dims=\"1\" loading=\"lazy\" decoding=\"async\" class=\"alignnone  wp-image-6852\" src=\"https:\/\/i0.wp.com\/proyectocitrino.com\/wp-content\/uploads\/2020\/06\/tallercitrino09.jpg?resize=355%2C181&#038;ssl=1\" alt=\"\" width=\"355\" height=\"181\" srcset=\"https:\/\/i0.wp.com\/proyectocitrino.com\/wp-content\/uploads\/2020\/06\/tallercitrino09.jpg?resize=300%2C153&amp;ssl=1 300w, https:\/\/i0.wp.com\/proyectocitrino.com\/wp-content\/uploads\/2020\/06\/tallercitrino09.jpg?resize=768%2C391&amp;ssl=1 768w, https:\/\/i0.wp.com\/proyectocitrino.com\/wp-content\/uploads\/2020\/06\/tallercitrino09.jpg?resize=250%2C127&amp;ssl=1 250w, https:\/\/i0.wp.com\/proyectocitrino.com\/wp-content\/uploads\/2020\/06\/tallercitrino09.jpg?resize=600%2C305&amp;ssl=1 600w, https:\/\/i0.wp.com\/proyectocitrino.com\/wp-content\/uploads\/2020\/06\/tallercitrino09.jpg?w=1000&amp;ssl=1 1000w\" sizes=\"auto, (max-width: 355px) 100vw, 355px\" \/><\/p>\n<p align=\"justify\">1. <strong>Charla-CD1<\/strong>: Motivaci\u00f3n a la lectura \u00bfEs la lectura un placer o un castigo? (para docentes).<\/p>\n<p align=\"justify\">2. <strong>Charla-CE1<\/strong>: Motivaci\u00f3n a la lectura \u00bfPara qu\u00e9 leer si existen el cine e Internet? (para estudiantes).<\/p>\n<p align=\"justify\">3.<strong> Charla-CD2<\/strong>: Distintos enfoques de an\u00e1lisis literario para aprovechar la literatura (para docentes).<\/p>\n<p align=\"justify\">4. <strong>Charla-CM1<\/strong>: La literatura costarricense en el siglo veintiuno (para docentes y estudiantes).<\/p>\n<p align=\"justify\">5. <strong>Charla-CM2<\/strong>: Libros que involucran la tecnolog\u00eda (para docentes y estudiantes).<\/p>\n<hr \/>\n<h4 align=\"justify\"><b>B. Talleres disponibles: (m\u00e1ximo 25 asistentes)<br \/>\n<\/b><\/h4>\n<p><img data-recalc-dims=\"1\" loading=\"lazy\" decoding=\"async\" class=\"alignnone  wp-image-6850\" src=\"https:\/\/i0.wp.com\/proyectocitrino.com\/wp-content\/uploads\/2020\/06\/tallercitrino01.jpg?resize=239%2C182&#038;ssl=1\" alt=\"\" width=\"239\" height=\"182\" srcset=\"https:\/\/i0.wp.com\/proyectocitrino.com\/wp-content\/uploads\/2020\/06\/tallercitrino01.jpg?resize=300%2C228&amp;ssl=1 300w, https:\/\/i0.wp.com\/proyectocitrino.com\/wp-content\/uploads\/2020\/06\/tallercitrino01.jpg?resize=250%2C190&amp;ssl=1 250w, https:\/\/i0.wp.com\/proyectocitrino.com\/wp-content\/uploads\/2020\/06\/tallercitrino01.jpg?resize=600%2C457&amp;ssl=1 600w, https:\/\/i0.wp.com\/proyectocitrino.com\/wp-content\/uploads\/2020\/06\/tallercitrino01.jpg?w=612&amp;ssl=1 612w\" sizes=\"auto, (max-width: 239px) 100vw, 239px\" \/><img data-recalc-dims=\"1\" loading=\"lazy\" decoding=\"async\" class=\"alignnone  wp-image-6851\" src=\"https:\/\/i0.wp.com\/proyectocitrino.com\/wp-content\/uploads\/2020\/06\/tallercitrino7.jpeg?resize=240%2C180&#038;ssl=1\" alt=\"\" width=\"240\" height=\"180\" srcset=\"https:\/\/i0.wp.com\/proyectocitrino.com\/wp-content\/uploads\/2020\/06\/tallercitrino7.jpeg?resize=300%2C225&amp;ssl=1 300w, https:\/\/i0.wp.com\/proyectocitrino.com\/wp-content\/uploads\/2020\/06\/tallercitrino7.jpeg?resize=768%2C576&amp;ssl=1 768w, https:\/\/i0.wp.com\/proyectocitrino.com\/wp-content\/uploads\/2020\/06\/tallercitrino7.jpeg?resize=250%2C188&amp;ssl=1 250w, https:\/\/i0.wp.com\/proyectocitrino.com\/wp-content\/uploads\/2020\/06\/tallercitrino7.jpeg?resize=600%2C450&amp;ssl=1 600w, https:\/\/i0.wp.com\/proyectocitrino.com\/wp-content\/uploads\/2020\/06\/tallercitrino7.jpeg?w=836&amp;ssl=1 836w\" sizes=\"auto, (max-width: 240px) 100vw, 240px\" \/><\/p>\n<p align=\"justify\">1. <strong>Taller-TED1<\/strong>: Algunas actividades para ense\u00f1ar comprensi\u00f3n de lectura (para docentes).<\/p>\n<p align=\"justify\">2. <strong>Taller-TLM1<\/strong>: C\u00f3mo construir personajes literarios (para docentes y estudiantes interesados en escribir).<\/p>\n<p align=\"justify\">3. <strong>Taller-TLM2<\/strong>: \u00bfC\u00f3mo escribir narrativa? (para docentes y estudiantes interesados en escribir).<\/p>\n<p align=\"justify\">4. <strong>Taller-TEM1<\/strong>: Dramatizaci\u00f3n de un cuento (para docentes y estudiantes).<\/p>\n<p align=\"justify\">5. <strong>Taller-TEE1<\/strong>: La literatura y su relaci\u00f3n con la m\u00fasica (para estudiantes).<\/p>\n<p align=\"justify\">6. <strong>Taller-TEM2<\/strong>: Elaboraci\u00f3n de manualidades relacionadas con un libro (para docentes y estudiantes).<\/p>\n<p align=\"justify\">7. <strong>Taller-TED2<\/strong>: Estrategias para motivar a la escritura (para docentes).<\/p>\n<p align=\"justify\">8. <strong>Taller-TED3<\/strong>: Para ense\u00f1ar bien hay que estar bien (para docentes).<\/p>\n<p align=\"justify\">9. <strong>Taller-TEM3<\/strong>: Experimentos cient\u00edficos sencillos y divertidos.<\/p>\n<hr \/>\n<h4 align=\"justify\"><b>C. Actividades disponibles para los estudiantes en el aula: (asistencia flexible)<br \/>\n<\/b><\/h4>\n<p><img data-recalc-dims=\"1\" loading=\"lazy\" decoding=\"async\" class=\" wp-image-6855 alignnone\" src=\"https:\/\/i0.wp.com\/proyectocitrino.com\/wp-content\/uploads\/2020\/06\/tallercitrino0591.jpg?resize=258%2C158&#038;ssl=1\" alt=\"\" width=\"258\" height=\"158\" srcset=\"https:\/\/i0.wp.com\/proyectocitrino.com\/wp-content\/uploads\/2020\/06\/tallercitrino0591.jpg?resize=300%2C184&amp;ssl=1 300w, https:\/\/i0.wp.com\/proyectocitrino.com\/wp-content\/uploads\/2020\/06\/tallercitrino0591.jpg?resize=250%2C153&amp;ssl=1 250w, https:\/\/i0.wp.com\/proyectocitrino.com\/wp-content\/uploads\/2020\/06\/tallercitrino0591.jpg?resize=600%2C367&amp;ssl=1 600w, https:\/\/i0.wp.com\/proyectocitrino.com\/wp-content\/uploads\/2020\/06\/tallercitrino0591.jpg?w=742&amp;ssl=1 742w\" sizes=\"auto, (max-width: 258px) 100vw, 258px\" \/><img data-recalc-dims=\"1\" loading=\"lazy\" decoding=\"async\" class=\"alignnone  wp-image-6854\" src=\"https:\/\/i0.wp.com\/proyectocitrino.com\/wp-content\/uploads\/2020\/06\/tallercitrino059.jpg?resize=242%2C161&#038;ssl=1\" alt=\"\" width=\"242\" height=\"161\" srcset=\"https:\/\/i0.wp.com\/proyectocitrino.com\/wp-content\/uploads\/2020\/06\/tallercitrino059.jpg?resize=300%2C200&amp;ssl=1 300w, https:\/\/i0.wp.com\/proyectocitrino.com\/wp-content\/uploads\/2020\/06\/tallercitrino059.jpg?resize=768%2C512&amp;ssl=1 768w, https:\/\/i0.wp.com\/proyectocitrino.com\/wp-content\/uploads\/2020\/06\/tallercitrino059.jpg?resize=250%2C167&amp;ssl=1 250w, https:\/\/i0.wp.com\/proyectocitrino.com\/wp-content\/uploads\/2020\/06\/tallercitrino059.jpg?resize=600%2C400&amp;ssl=1 600w, https:\/\/i0.wp.com\/proyectocitrino.com\/wp-content\/uploads\/2020\/06\/tallercitrino059.jpg?w=977&amp;ssl=1 977w\" sizes=\"auto, (max-width: 242px) 100vw, 242px\" \/><\/p>\n<p align=\"justify\">1. <strong>Actividad-A1<\/strong>: Presentaci\u00f3n de algunos autores nacionales y sus obras.<\/p>\n<p align=\"justify\">2. <strong>Actividad-A2<\/strong>: Cuentos narrados por sus autores.<\/p>\n<p align=\"justify\">3. <strong>Actividad-A3<\/strong>: Pregunt\u00e9mosle a un autor.<\/p>\n<p align=\"justify\">4. <strong>Actividad-A4<\/strong>: Creando una historia entre todos.<\/p>\n<p align=\"justify\">5. <strong>Actividad-A5<\/strong>: Din\u00e1micas para conocer un libro.<\/p>\n<p align=\"justify\">6. <strong>Actividad-A6<\/strong>: Un personaje de un libro nacional nos visita.<\/p>\n<p align=\"justify\"><img data-recalc-dims=\"1\" loading=\"lazy\" decoding=\"async\" class=\"size-medium wp-image-6853 alignnone\" src=\"https:\/\/i0.wp.com\/proyectocitrino.com\/wp-content\/uploads\/2020\/06\/tallercitrino032.jpg?resize=300%2C224&#038;ssl=1\" alt=\"\" width=\"300\" height=\"224\" srcset=\"https:\/\/i0.wp.com\/proyectocitrino.com\/wp-content\/uploads\/2020\/06\/tallercitrino032.jpg?resize=300%2C224&amp;ssl=1 300w, https:\/\/i0.wp.com\/proyectocitrino.com\/wp-content\/uploads\/2020\/06\/tallercitrino032.jpg?resize=250%2C187&amp;ssl=1 250w, https:\/\/i0.wp.com\/proyectocitrino.com\/wp-content\/uploads\/2020\/06\/tallercitrino032.jpg?resize=600%2C448&amp;ssl=1 600w, https:\/\/i0.wp.com\/proyectocitrino.com\/wp-content\/uploads\/2020\/06\/tallercitrino032.jpg?w=736&amp;ssl=1 736w\" sizes=\"auto, (max-width: 300px) 100vw, 300px\" \/><img data-recalc-dims=\"1\" loading=\"lazy\" decoding=\"async\" class=\"alignnone  wp-image-6861\" src=\"https:\/\/i0.wp.com\/proyectocitrino.com\/wp-content\/uploads\/2020\/06\/primavera.jpg?resize=176%2C224&#038;ssl=1\" alt=\"\" width=\"176\" height=\"224\" srcset=\"https:\/\/i0.wp.com\/proyectocitrino.com\/wp-content\/uploads\/2020\/06\/primavera.jpg?resize=235%2C300&amp;ssl=1 235w, https:\/\/i0.wp.com\/proyectocitrino.com\/wp-content\/uploads\/2020\/06\/primavera.jpg?resize=250%2C319&amp;ssl=1 250w, https:\/\/i0.wp.com\/proyectocitrino.com\/wp-content\/uploads\/2020\/06\/primavera.jpg?resize=300%2C383&amp;ssl=1 300w, https:\/\/i0.wp.com\/proyectocitrino.com\/wp-content\/uploads\/2020\/06\/primavera.jpg?w=425&amp;ssl=1 425w\" sizes=\"auto, (max-width: 176px) 100vw, 176px\" \/><\/p>\n<hr \/>\n<p style=\"font-size: large;\" align=\"justify\">Las instituciones deben ofrecer el espacio f\u00edsico y garantizar la asistencia de al menos diez personas para llevar a cabo las charlas o talleres por dos d\u00edas seguidos, que se brindan de forma gratuita (pueden ser en espa\u00f1ol o en ingl\u00e9s, dependiendo de las necesidades de la instituci\u00f3n). El m\u00e1ximo de asistentes a cada actividad depender\u00e1 de la naturaleza de la misma. <strong>Mientras las actividades pueden ser de cupo flexible, los talleres y las charlas poseen l\u00edmites de asistencia (m\u00e1ximo 30 personas por charla y 25 por taller<\/strong><strong>).<\/strong><\/p>\n<p style=\"font-size: large;\" align=\"justify\">En forma conjunta con las charlas, solamente se solicita el permiso institucional para que durante los dos d\u00edas de las mismas, los autores muestren y tengan la oportunidad de vender sus obras literarias al alumnado o al cuerpo docente y administrativo, sin compromiso alguno de la instituci\u00f3n por adquirirlos.<\/p>\n<p style=\"font-size: large;\" align=\"justify\">Cada charla, taller o actividad posee una duraci\u00f3n de 30-40 minutos, de entre las cuales las instituciones podr\u00e1n escoger un m\u00e1ximo de dos por d\u00eda.<\/p>\n<p style=\"font-size: large;\" align=\"justify\">Las instituciones interesadas pueden contactar a la se\u00f1ora Patricia Araya, al n\u00famero <strong>8809-9425<\/strong>, al apartado postal:<\/p>\n<p style=\"font-size: large;\" align=\"justify\">\u00a0\u00a0\u00a0\u00a0\u00a0\u00a0\u00a0\u00a0\u00a0\u00a0 <strong>495\u00a0 2010 Zapote, Costa Rica<\/strong><\/p>\n<p style=\"font-size: large;\" align=\"justify\">al correo electr\u00f3nico:<\/p>\n<p style=\"font-size: large;\" align=\"justify\">\u00a0\u00a0\u00a0\u00a0\u00a0\u00a0\u00a0\u00a0\u00a0 <strong>patriciaaraya@proyectocitrino.com<\/strong><\/p>\n<p style=\"font-size: large;\" align=\"justify\">o tambi\u00e9n pueden utilizar nuestro formulario de contacto (pulse la imagen para acceder a \u00e9l):<\/p>\n<p style=\"font-size: large;\" align=\"justify\"><a href=\"https:\/\/proyectocitrino.com\/index.php\/contactanos\/\"><img data-recalc-dims=\"1\" loading=\"lazy\" decoding=\"async\" class=\" wp-image-6801 aligncenter\" src=\"https:\/\/i0.wp.com\/proyectocitrino.com\/wp-content\/uploads\/2020\/06\/formulario.png?resize=196%2C249&#038;ssl=1\" alt=\"\" width=\"196\" height=\"249\" srcset=\"https:\/\/i0.wp.com\/proyectocitrino.com\/wp-content\/uploads\/2020\/06\/formulario.png?resize=236%2C300&amp;ssl=1 236w, https:\/\/i0.wp.com\/proyectocitrino.com\/wp-content\/uploads\/2020\/06\/formulario.png?resize=250%2C318&amp;ssl=1 250w, https:\/\/i0.wp.com\/proyectocitrino.com\/wp-content\/uploads\/2020\/06\/formulario.png?resize=300%2C382&amp;ssl=1 300w, https:\/\/i0.wp.com\/proyectocitrino.com\/wp-content\/uploads\/2020\/06\/formulario.png?resize=600%2C763&amp;ssl=1 600w, https:\/\/i0.wp.com\/proyectocitrino.com\/wp-content\/uploads\/2020\/06\/formulario.png?w=749&amp;ssl=1 749w\" sizes=\"auto, (max-width: 196px) 100vw, 196px\" \/><\/a><\/p>\n<hr \/>\n<p style=\"font-size: large;\" align=\"justify\"><span style=\"color: #008000;\">SI DESEA SABER SOBRE LOS EXPOSITORES, PULSE LA IMAGEN DE ABAJO O HAGA CLIC <a style=\"color: #008000;\" href=\"https:\/\/proyectocitrino.com\/index.php\/participantes-en-el-proyecto-citrino\/\"><strong>AQU\u00cd<\/strong><\/a>.<\/span><\/p>\n<p style=\"font-size: large;\" align=\"justify\"><a href=\"https:\/\/proyectocitrino.com\/index.php\/participantes-en-el-proyecto-citrino\/\"><img data-recalc-dims=\"1\" loading=\"lazy\" decoding=\"async\" class=\"size-medium wp-image-6805 aligncenter\" src=\"https:\/\/i0.wp.com\/proyectocitrino.com\/wp-content\/uploads\/2020\/06\/kralpequenoNEUTRO.png?resize=300%2C211&#038;ssl=1\" alt=\"\" width=\"300\" height=\"211\" srcset=\"https:\/\/i0.wp.com\/proyectocitrino.com\/wp-content\/uploads\/2020\/06\/kralpequenoNEUTRO.png?resize=300%2C211&amp;ssl=1 300w, https:\/\/i0.wp.com\/proyectocitrino.com\/wp-content\/uploads\/2020\/06\/kralpequenoNEUTRO.png?resize=250%2C176&amp;ssl=1 250w, https:\/\/i0.wp.com\/proyectocitrino.com\/wp-content\/uploads\/2020\/06\/kralpequenoNEUTRO.png?w=596&amp;ssl=1 596w\" sizes=\"auto, (max-width: 300px) 100vw, 300px\" \/><\/a><\/p>\n<hr \/>\n<h4 align=\"justify\"><a href=\"https:\/\/proyectocitrino.com\/index.php\/nuestro-catalogo\/\"><img data-recalc-dims=\"1\" loading=\"lazy\" decoding=\"async\" class=\"size-medium wp-image-6775 aligncenter\" src=\"https:\/\/i0.wp.com\/proyectocitrino.com\/wp-content\/uploads\/2020\/06\/libroscitrinoanimado-1.gif?resize=194%2C300&#038;ssl=1\" alt=\"\" width=\"194\" height=\"300\" srcset=\"https:\/\/i0.wp.com\/proyectocitrino.com\/wp-content\/uploads\/2020\/06\/libroscitrinoanimado-1.gif?resize=194%2C300&amp;ssl=1 194w, https:\/\/i0.wp.com\/proyectocitrino.com\/wp-content\/uploads\/2020\/06\/libroscitrinoanimado-1.gif?resize=250%2C387&amp;ssl=1 250w, https:\/\/i0.wp.com\/proyectocitrino.com\/wp-content\/uploads\/2020\/06\/libroscitrinoanimado-1.gif?resize=300%2C464&amp;ssl=1 300w\" sizes=\"auto, (max-width: 194px) 100vw, 194px\" \/><\/a><\/h4>\n<hr \/>\n<h4 align=\"justify\">Tambi\u00e9n puede visitar nuestra <a href=\"https:\/\/proyectocitrino.com\/index.php\/tienda\/\">tienda virtual.<\/a> Para hacerlo, pulse la imagen:<\/h4>\n<p align=\"justify\"><a href=\"https:\/\/proyectocitrino.com\/index.php\/tienda\/\"><img data-recalc-dims=\"1\" loading=\"lazy\" decoding=\"async\" class=\"aligncenter wp-image-6764 size-full\" src=\"https:\/\/i0.wp.com\/proyectocitrino.com\/wp-content\/uploads\/2020\/06\/catori-tienda-animada.gif?resize=227%2C195&#038;ssl=1\" alt=\"\" width=\"227\" height=\"195\" \/><\/a><\/p>\n<hr \/>\n<p align=\"justify\">\n<p align=\"justify\"><img data-recalc-dims=\"1\" loading=\"lazy\" decoding=\"async\" class=\"wp-image-532 size-full aligncenter\" src=\"https:\/\/i0.wp.com\/proyectocitrino.com\/wp-content\/uploads\/2019\/04\/libroscitrino2019SMALL-1.gif?resize=256%2C192&#038;ssl=1\" alt=\"\" width=\"256\" height=\"192\" \/><\/p>\n<p align=\"justify\"><\/div><\/p>","protected":false},"excerpt":{"rendered":"<p>Para motivar a las nuevas generaciones a leer y para brindar herramientas \u00fatiles a los docentes que deseen fomentar la lectura en sus estudiantes, el Proyecto Citrino pone a la&hellip; <\/p>\n","protected":false},"author":1,"featured_media":0,"parent":0,"menu_order":0,"comment_status":"closed","ping_status":"closed","template":"","meta":{"om_disable_all_campaigns":false,"_monsterinsights_skip_tracking":false,"_monsterinsights_sitenote_active":false,"_monsterinsights_sitenote_note":"","_monsterinsights_sitenote_category":0,"footnotes":""},"class_list":["post-23","page","type-page","status-publish","hentry"],"jetpack_sharing_enabled":true,"_links":{"self":[{"href":"https:\/\/proyectocitrino.com\/index.php\/wp-json\/wp\/v2\/pages\/23","targetHints":{"allow":["GET"]}}],"collection":[{"href":"https:\/\/proyectocitrino.com\/index.php\/wp-json\/wp\/v2\/pages"}],"about":[{"href":"https:\/\/proyectocitrino.com\/index.php\/wp-json\/wp\/v2\/types\/page"}],"author":[{"embeddable":true,"href":"https:\/\/proyectocitrino.com\/index.php\/wp-json\/wp\/v2\/users\/1"}],"replies":[{"embeddable":true,"href":"https:\/\/proyectocitrino.com\/index.php\/wp-json\/wp\/v2\/comments?post=23"}],"version-history":[{"count":47,"href":"https:\/\/proyectocitrino.com\/index.php\/wp-json\/wp\/v2\/pages\/23\/revisions"}],"predecessor-version":[{"id":7924,"href":"https:\/\/proyectocitrino.com\/index.php\/wp-json\/wp\/v2\/pages\/23\/revisions\/7924"}],"wp:attachment":[{"href":"https:\/\/proyectocitrino.com\/index.php\/wp-json\/wp\/v2\/media?parent=23"}],"curies":[{"name":"wp","href":"https:\/\/api.w.org\/{rel}","templated":true}]}}