{"id":6884,"date":"2020-07-05T20:05:41","date_gmt":"2020-07-06T02:05:41","guid":{"rendered":"https:\/\/proyectocitrino.com\/?page_id=6884"},"modified":"2022-01-02T13:45:57","modified_gmt":"2022-01-02T19:45:57","slug":"cuento-infantil","status":"publish","type":"page","link":"https:\/\/proyectocitrino.com\/index.php\/cuento-infantil\/","title":{"rendered":"Cuento Infantil"},"content":{"rendered":"<h3 style=\"text-align: center;\" align=\"left\"><b>El cuarto<\/b><\/h3>\n<p style=\"text-align: right;\" align=\"left\">Por Daniela Barrantes<\/p>\n<p lang=\"es-ES\" align=\"justify\"><span style=\"font-family: Liberation Serif, serif;\">No entiendo c\u00f3mo mi hermana Viviana logr\u00f3 vivir en esa casa por m\u00e1s de un a\u00f1o. Era una casa peque\u00f1a, hecha de tablones de madera y pintada color verde agua. La primera vez que mi mam\u00e1 y yo la visitamos, notamos que las cortinas nuevas blancas de la sala se ve\u00edan manchadas por el moho y el ambiente se sent\u00eda tenso. \u00a1La verdad daban ganas de salir corriendo! <\/span><\/p>\n<p lang=\"es-ES\" align=\"justify\"><span style=\"font-family: Liberation Serif, serif;\"> Luego de un par de meses, Viviana nos invit\u00f3 a la celebraci\u00f3n de los tres a\u00f1os de su hijo. Hab\u00eda pocos invitados, pero mi sobrino estaba contento. Correteaba de un lado a otro con sus amiguitos y familiares cercanos. En un determinado momento, Viviana me solicit\u00f3 que le trajera algo de su cuarto. Cuando abr\u00ed la puerta de la habitaci\u00f3n, un aire fr\u00edo me puso la piel de gallina. Encend\u00ed la luz, porque estaba muy oscuro. Busqu\u00e9 lo que ella me pidi\u00f3 y, cerca de la puerta, sent\u00ed el aplanchador caer hacia m\u00ed. Por dicha mis reflejos son buenos, de lo contrario el golpe me hubiera tumbado en la cama. <\/span><\/p>\n<p lang=\"es-ES\" align=\"justify\"><span style=\"font-family: Liberation Serif, serif;\"> Fue muy extra\u00f1o. Yo estaba segura de que no hab\u00eda rozado la tabla de planchar como para que cayera de repente. Sal\u00ed y cerr\u00e9 la puerta, muy inquieta por lo sucedido. Tal vez fue idea m\u00eda, pens\u00e9, por no gustarme esa casa en particular. <\/span><\/p>\n<p lang=\"es-ES\" align=\"justify\"><span style=\"font-family: Liberation Serif, serif;\"> D\u00edas despu\u00e9s, Elena, la mejor amiga de mi hermana, se mud\u00f3 a la casa que tanto inquietaba. Viviana estaba muy contenta; iba a tener m\u00e1s compa\u00f1\u00eda: mi sobrino adoraba a la muchacha. Ella era muy dulce y lo consent\u00eda mucho. <\/span><\/p>\n<p lang=\"es-ES\" align=\"justify\"><span style=\"font-family: Liberation Serif, serif;\"> Sin embargo, la felicidad dur\u00f3 poco. Una noche, un grito angustiante despert\u00f3 a mi hermana. \u201c\u00a1Viviana, hay un hombre en medio de la cama, despi\u00e9rtese!\u201d<\/span><\/p>\n<p lang=\"es-ES\" align=\"justify\"><span style=\"font-family: Liberation Serif, serif;\"> Era la misma sombra que despertaba a mi hermana, pero que ella nunca mencionaba por temor a que nadie le creyera.<\/span><\/p>\n<p class=\"western\" align=\"justify\"><strong>Este cuento es parte del libro <em>\u00a1Adivina mi nombre! Cuentos infantiles tenebrosos<\/em>.<\/strong><\/p>\n\n\n<hr class=\"wp-block-separator\"\/>\n\n\n\n<p><strong>Publicado con permiso del autor bajo la licencia de <em>Creative Commons<\/em>:<\/strong><\/p>\n\n\n\n<div class=\"wp-block-image\"><figure class=\"aligncenter size-large is-resized\"><img data-recalc-dims=\"1\" loading=\"lazy\" decoding=\"async\" src=\"https:\/\/i0.wp.com\/proyectocitrino.com\/wp-content\/uploads\/2020\/07\/by-nc-nd-eu_4.png?resize=209%2C73&#038;ssl=1\" alt=\"\" class=\"wp-image-6958\" width=\"209\" height=\"73\" srcset=\"https:\/\/i0.wp.com\/proyectocitrino.com\/wp-content\/uploads\/2020\/07\/by-nc-nd-eu_4.png?w=403&amp;ssl=1 403w, https:\/\/i0.wp.com\/proyectocitrino.com\/wp-content\/uploads\/2020\/07\/by-nc-nd-eu_4.png?resize=300%2C105&amp;ssl=1 300w, https:\/\/i0.wp.com\/proyectocitrino.com\/wp-content\/uploads\/2020\/07\/by-nc-nd-eu_4.png?resize=250%2C87&amp;ssl=1 250w\" sizes=\"auto, (max-width: 209px) 100vw, 209px\" \/><\/figure><\/div>\n\n\n\n<p>Publicado el 2 de enero de 2022. Disponible hasta el 2 de mayo de 2022.<\/p>\n","protected":false},"excerpt":{"rendered":"<p>El cuarto Por Daniela Barrantes No entiendo c\u00f3mo mi hermana Viviana logr\u00f3 vivir en esa casa por m\u00e1s de un a\u00f1o. Era una casa peque\u00f1a, hecha de tablones de madera&hellip; <\/p>\n","protected":false},"author":1,"featured_media":0,"parent":0,"menu_order":0,"comment_status":"closed","ping_status":"closed","template":"","meta":{"om_disable_all_campaigns":false,"_monsterinsights_skip_tracking":false,"_monsterinsights_sitenote_active":false,"_monsterinsights_sitenote_note":"","_monsterinsights_sitenote_category":0,"footnotes":""},"class_list":["post-6884","page","type-page","status-publish","hentry"],"jetpack_sharing_enabled":true,"_links":{"self":[{"href":"https:\/\/proyectocitrino.com\/index.php\/wp-json\/wp\/v2\/pages\/6884","targetHints":{"allow":["GET"]}}],"collection":[{"href":"https:\/\/proyectocitrino.com\/index.php\/wp-json\/wp\/v2\/pages"}],"about":[{"href":"https:\/\/proyectocitrino.com\/index.php\/wp-json\/wp\/v2\/types\/page"}],"author":[{"embeddable":true,"href":"https:\/\/proyectocitrino.com\/index.php\/wp-json\/wp\/v2\/users\/1"}],"replies":[{"embeddable":true,"href":"https:\/\/proyectocitrino.com\/index.php\/wp-json\/wp\/v2\/comments?post=6884"}],"version-history":[{"count":15,"href":"https:\/\/proyectocitrino.com\/index.php\/wp-json\/wp\/v2\/pages\/6884\/revisions"}],"predecessor-version":[{"id":7610,"href":"https:\/\/proyectocitrino.com\/index.php\/wp-json\/wp\/v2\/pages\/6884\/revisions\/7610"}],"wp:attachment":[{"href":"https:\/\/proyectocitrino.com\/index.php\/wp-json\/wp\/v2\/media?parent=6884"}],"curies":[{"name":"wp","href":"https:\/\/api.w.org\/{rel}","templated":true}]}}